{"id":192,"date":"2019-07-08T08:55:53","date_gmt":"2019-07-08T06:55:53","guid":{"rendered":"https:\/\/fgvt.htwsaar.de\/site\/?page_id=192"},"modified":"2020-05-25T15:28:57","modified_gmt":"2020-05-25T13:28:57","slug":"kantsaar-2018-2020","status":"publish","type":"page","link":"https:\/\/fgvt.htwsaar.de\/site\/kantsaar-2018-2020\/","title":{"rendered":"kantSaar (2018-2020)"},"content":{"rendered":"\n<div class=\"wp-block-image\"><figure class=\"aligncenter size-large is-resized\"><img loading=\"lazy\" decoding=\"async\" src=\"https:\/\/fgvt.htwsaar.de\/site\/wp-content\/uploads\/2020\/03\/kantSaar.jpg\" alt=\"\" class=\"wp-image-1396\" width=\"310\" height=\"174\" srcset=\"https:\/\/fgvt.htwsaar.de\/site\/wp-content\/uploads\/2020\/03\/kantSaar.jpg 810w, https:\/\/fgvt.htwsaar.de\/site\/wp-content\/uploads\/2020\/03\/kantSaar-300x169.jpg 300w, https:\/\/fgvt.htwsaar.de\/site\/wp-content\/uploads\/2020\/03\/kantSaar-768x432.jpg 768w\" sizes=\"auto, (max-width: 310px) 100vw, 310px\" \/><figcaption>Das Logo f\u00fcr das deutsche Forschungsprojekt kantSaar.<\/figcaption><\/figure><\/div>\n\n\n\n<p><strong>Motivation<\/strong><\/p>\n\n\n\n<p>Die Zukunft des Verkehrs liegt im vernetzt-kooperativen und (teil-)automatisierten Fahren. Eine der Grundannahmen bei der Erforschung und Entwicklung ist, dass f\u00fcr das (teil-)automatisierte Fahren Menschen, Verkehrsumfeld und Fahrzeuge mehr und mehr eine kooperative Einheit bilden. Dabei machen Assistenztechnologien das Autofahren sicherer und erg\u00e4nzen die nat\u00fcrlichen Sinne des Fahrers. Gleichzeitig muss der Fahrer ein immer breiter werdendes Angebot an Informations- und Warnmeldungen verarbeiten, was eine erh\u00f6hte Distraktion (Ablenkung) von der Fahraufgabe (Prim\u00e4raufgabe) zur Folge hat. Die neurokognitiven Auswirkungen dieser Informationsflut sind Gegenstand der aktuellen Forschung.Im Projekt <strong>kantSaar<\/strong> arbeiten die <a rel=\"noreferrer noopener\" href=\"http:\/\/www.snnu.uni-saarland.de\/\" target=\"_blank\">System Neuroscience &amp; Neurotechnology Unit (SNNU)<\/a> und die Forschungsgruppe Verkehrstelematik (FGVT) zusammen, um das Zusammenspiel zwischen Fahrer und automatisiertem Fahrzeug zu erforschen.&nbsp;Die zentrale Herausforderung liegt darin, das kooperative, (teil-)automatisierte Fahren an die heterogene Gesamtheit aller Verkehrsteilnehmer in realistischen Fahrsituationen anzupassen. Hier setzt das Projekt <strong>kantSaar<\/strong> an. Die Fusion von Daten aus der Verkehrsinfrastruktur und aus den (teil-)automatisierten Fahrzeugen bildet die Grundlage zur Anpassung der Mensch-Fahrzeug-Schnittstellen und zur gleichzeitigen Optimierung des Verkehrsflusses in der Stadt.&nbsp;Mit dem Projekt <strong>kantSaar<\/strong> wird der Fokus des existierenden <a rel=\"noreferrer noopener\" href=\"https:\/\/fgvt.htwsaar.de\/public\/index.php\/item-its-testfeld-merzig\/\" target=\"_blank\">ITS Testfelds Merzig (ITeM)&nbsp;<\/a>der htw saar von der rein ad-hoc basierten Kommunikation in Richtung vernetzt-kooperatives und automatisiertes Fahren erweitert. Somit kann aufbauend auf dem Projekt auch der n\u00e4chste Schritt in Richtung der Smart City gegangen werden, um technologiebasierte Ver\u00e4nderungen und Innovationen in urbanen R\u00e4umen sowie im Umland zu aggregieren. Hierbei ist auf die systematische Ausgestaltung hinsichtlich Nutzerakzeptanz und verkehrlichen Anforderungen aus der Gesellschaft zu achten. Seitens der Wirtschaft k\u00f6nnen Anwendungsszenarien formuliert und technologische Potenziale er\u00f6rtert werden. Der in der Abbildung orange dargestellte Bereich fasst den technologischen Bereich des Projektes zusammen. Er zeigt die Erweiterung des Wissenshorizontes vom einzelnen Menschen \u00fcber die Verkehrsinfrastruktur bis zur cloudbasierten Fusion. Der blaue wirtschaftliche Bereich und der gr\u00fcne gesellschaftliche Bereich bilden die Klammer in der das Projekt im Spannungsfeld von Wirtschaft und Gesellschaft angesiedelt ist.<\/p>\n\n\n\n<div class=\"wp-block-image\"><figure class=\"aligncenter size-large is-resized\"><a href=\"https:\/\/fgvt.htwsaar.de\/public\/wp-content\/uploads\/2018\/10\/Bildschirmfoto-2018-10-08-um-11.58.25.png\"><img loading=\"lazy\" decoding=\"async\" src=\"https:\/\/fgvt.htwsaar.de\/site\/wp-content\/uploads\/2020\/03\/kantSaar_5_Dimensionen-1024x651.png\" alt=\"\" class=\"wp-image-1449\" width=\"642\" height=\"407\" srcset=\"https:\/\/fgvt.htwsaar.de\/site\/wp-content\/uploads\/2020\/03\/kantSaar_5_Dimensionen-1024x651.png 1024w, https:\/\/fgvt.htwsaar.de\/site\/wp-content\/uploads\/2020\/03\/kantSaar_5_Dimensionen-300x191.png 300w, https:\/\/fgvt.htwsaar.de\/site\/wp-content\/uploads\/2020\/03\/kantSaar_5_Dimensionen-768x488.png 768w, https:\/\/fgvt.htwsaar.de\/site\/wp-content\/uploads\/2020\/03\/kantSaar_5_Dimensionen.png 1198w\" sizes=\"auto, (max-width: 642px) 100vw, 642px\" \/><\/a><\/figure><\/div>\n\n\n\n<p><strong>Schwerpunkte<\/strong><\/p>\n\n\n\n<ul class=\"wp-block-list\"><li>dynamische und statische Verkehrsinformationen<\/li><li>neurokognitive Informationen des Fahrers<\/li><\/ul>\n\n\n\n<p><strong>Zielsetzungen<\/strong><\/p>\n\n\n\n<ul class=\"wp-block-list\"><li>Anonymisierte Karte der kognitiv-affektiven Situation von Fahrern in st\u00e4dtischen Verkehrssituationen<\/li><li>Datenbank mit neurokognitiven und verkehrlichen Daten<\/li><li>Fusion der Daten zu einer ganzheitlichen Verkehrssituationsbetrachtung<\/li><li>Bereitstellung der Daten f\u00fcr Fahrzeuge und Verkehrsinfrastruktur<\/li><\/ul>\n\n\n\n<p><strong>Arbeitspaket-\u00dcbersicht<\/strong><\/p>\n\n\n\n<div class=\"wp-block-image\"><figure class=\"aligncenter size-large\"><a href=\"https:\/\/fgvt.htwsaar.de\/public\/wp-content\/uploads\/2018\/10\/Bildschirmfoto-2018-10-08-um-12.05.17.png\"><img loading=\"lazy\" decoding=\"async\" width=\"1024\" height=\"607\" src=\"https:\/\/fgvt.htwsaar.de\/site\/wp-content\/uploads\/2020\/03\/kantSaar_AP_\u00dcbersicht-1024x607.png\" alt=\"\" class=\"wp-image-1451\" srcset=\"https:\/\/fgvt.htwsaar.de\/site\/wp-content\/uploads\/2020\/03\/kantSaar_AP_\u00dcbersicht-1024x607.png 1024w, https:\/\/fgvt.htwsaar.de\/site\/wp-content\/uploads\/2020\/03\/kantSaar_AP_\u00dcbersicht-300x178.png 300w, https:\/\/fgvt.htwsaar.de\/site\/wp-content\/uploads\/2020\/03\/kantSaar_AP_\u00dcbersicht-768x455.png 768w, https:\/\/fgvt.htwsaar.de\/site\/wp-content\/uploads\/2020\/03\/kantSaar_AP_\u00dcbersicht.png 1158w\" sizes=\"auto, (max-width: 1024px) 100vw, 1024px\" \/><\/a><\/figure><\/div>\n\n\n\n<hr class=\"wp-block-separator\"\/>\n\n\n\n<p><strong>Projektlaufzeit<\/strong><br>01.10.2018 bis 31.12.2020 (27 Monate)<\/p>\n\n\n\n<p><strong><br>Kooperationspartner<\/strong><\/p>\n\n\n\n<figure class=\"wp-block-table\"><table><tbody><tr><td><a href=\"http:\/\/www.fgvt.htwsaar.de\"><img loading=\"lazy\" decoding=\"async\" width=\"200\" height=\"53\" class=\"wp-image-339\" style=\"width: 200px;\" src=\"https:\/\/fgvt.htwsaar.de\/site\/wp-content\/uploads\/2019\/08\/FGVT_htwsaar_new.png\" alt=\"\" srcset=\"https:\/\/fgvt.htwsaar.de\/site\/wp-content\/uploads\/2019\/08\/FGVT_htwsaar_new.png 3006w, https:\/\/fgvt.htwsaar.de\/site\/wp-content\/uploads\/2019\/08\/FGVT_htwsaar_new-300x80.png 300w, https:\/\/fgvt.htwsaar.de\/site\/wp-content\/uploads\/2019\/08\/FGVT_htwsaar_new-768x205.png 768w, https:\/\/fgvt.htwsaar.de\/site\/wp-content\/uploads\/2019\/08\/FGVT_htwsaar_new-1024x274.png 1024w\" sizes=\"auto, (max-width: 200px) 100vw, 200px\" \/><\/a><\/td><td><a rel=\"noreferrer noopener\" href=\"http:\/\/www.snnu.uni-saarland.de\/\" target=\"_blank\"><\/a><\/td><td><a href=\"http:\/\/www.snnu.uni-saarland.de\/\"><img loading=\"lazy\" decoding=\"async\" width=\"300\" height=\"53\" class=\"wp-image-1453\" style=\"width: 300px;\" src=\"https:\/\/fgvt.htwsaar.de\/site\/wp-content\/uploads\/2020\/03\/Header-1.png\" alt=\"\" srcset=\"https:\/\/fgvt.htwsaar.de\/site\/wp-content\/uploads\/2020\/03\/Header-1.png 947w, https:\/\/fgvt.htwsaar.de\/site\/wp-content\/uploads\/2020\/03\/Header-1-300x53.png 300w, https:\/\/fgvt.htwsaar.de\/site\/wp-content\/uploads\/2020\/03\/Header-1-768x136.png 768w\" sizes=\"auto, (max-width: 300px) 100vw, 300px\" \/><\/a><\/td><td>&nbsp;<\/td><td>&nbsp;<\/td><\/tr><\/tbody><\/table><\/figure>\n\n\n\n<p><strong>Assoziierte Partner<\/strong><\/p>\n\n\n\n<figure class=\"wp-block-table\"><table><tbody><tr><td><a href=\"http:\/\/www.heuboe.de\/de\/home.html\"><img loading=\"lazy\" decoding=\"async\" width=\"100\" height=\"37\" class=\"wp-image-1452\" style=\"width: 100px;\" src=\"https:\/\/fgvt.htwsaar.de\/site\/wp-content\/uploads\/2020\/03\/heuboe.jpg\" alt=\"\"><\/a><a rel=\"noreferrer noopener\" href=\"http:\/\/www.heuboe.de\/de\/home.html\" target=\"_blank\"><\/a><\/td><td><a rel=\"noreferrer noopener\" href=\"https:\/\/www.siemens.de\" target=\"_blank\"><\/a><\/td><td><a href=\"https:\/\/www.siemens.de\"><img loading=\"lazy\" decoding=\"async\" width=\"100\" height=\"23\" class=\"wp-image-1454\" style=\"width: 100px;\" src=\"https:\/\/fgvt.htwsaar.de\/site\/wp-content\/uploads\/2020\/03\/siemens-scaled.jpg\" alt=\"\" srcset=\"https:\/\/fgvt.htwsaar.de\/site\/wp-content\/uploads\/2020\/03\/siemens-scaled.jpg 2560w, https:\/\/fgvt.htwsaar.de\/site\/wp-content\/uploads\/2020\/03\/siemens-300x68.jpg 300w, https:\/\/fgvt.htwsaar.de\/site\/wp-content\/uploads\/2020\/03\/siemens-1024x233.jpg 1024w, https:\/\/fgvt.htwsaar.de\/site\/wp-content\/uploads\/2020\/03\/siemens-768x175.jpg 768w, https:\/\/fgvt.htwsaar.de\/site\/wp-content\/uploads\/2020\/03\/siemens-1536x349.jpg 1536w, https:\/\/fgvt.htwsaar.de\/site\/wp-content\/uploads\/2020\/03\/siemens-2048x466.jpg 2048w\" sizes=\"auto, (max-width: 100px) 100vw, 100px\" \/><\/a><a rel=\"noreferrer noopener\" href=\"http:\/\/www.merzig.de\/rathaus\/stadtverwaltung\" target=\"_blank\"><\/a><\/td><td><a href=\"http:\/\/www.merzig.de\/rathaus\/stadtverwaltung\"><img loading=\"lazy\" decoding=\"async\" width=\"100\" height=\"65\" class=\"wp-image-1455\" style=\"width: 100px;\" src=\"https:\/\/fgvt.htwsaar.de\/site\/wp-content\/uploads\/2020\/03\/merzig.jpg\" alt=\"\"><\/a><a rel=\"noreferrer noopener\" href=\"http:\/\/www.saarbruecken.de\/\" target=\"_blank\"><\/a><\/td><td><a rel=\"noreferrer noopener\" href=\"http:\/\/www.saarland.de\/landesbetrieb_strassenbau.htm\" target=\"_blank\"><\/a><a href=\"http:\/\/www.saarbruecken.de\/\"><img loading=\"lazy\" decoding=\"async\" width=\"500\" height=\"354\" class=\"wp-image-1456\" style=\"width: 500px;\" src=\"https:\/\/fgvt.htwsaar.de\/site\/wp-content\/uploads\/2020\/03\/Hauptfoto_Logo_LHS-scaled.jpg\" alt=\"\" srcset=\"https:\/\/fgvt.htwsaar.de\/site\/wp-content\/uploads\/2020\/03\/Hauptfoto_Logo_LHS-scaled.jpg 2560w, https:\/\/fgvt.htwsaar.de\/site\/wp-content\/uploads\/2020\/03\/Hauptfoto_Logo_LHS-300x212.jpg 300w, https:\/\/fgvt.htwsaar.de\/site\/wp-content\/uploads\/2020\/03\/Hauptfoto_Logo_LHS-1024x724.jpg 1024w, https:\/\/fgvt.htwsaar.de\/site\/wp-content\/uploads\/2020\/03\/Hauptfoto_Logo_LHS-768x543.jpg 768w, https:\/\/fgvt.htwsaar.de\/site\/wp-content\/uploads\/2020\/03\/Hauptfoto_Logo_LHS-1536x1086.jpg 1536w, https:\/\/fgvt.htwsaar.de\/site\/wp-content\/uploads\/2020\/03\/Hauptfoto_Logo_LHS-2048x1448.jpg 2048w\" sizes=\"auto, (max-width: 500px) 100vw, 500px\" \/><\/a><\/td><\/tr><tr><td><a href=\"http:\/\/www.saarland.de\/landesbetrieb_strassenbau.htm\"><img loading=\"lazy\" decoding=\"async\" width=\"500\" height=\"198\" class=\"wp-image-1457\" style=\"width: 500px;\" src=\"https:\/\/fgvt.htwsaar.de\/site\/wp-content\/uploads\/2020\/03\/Logo_LfS.jpg\" alt=\"\" srcset=\"https:\/\/fgvt.htwsaar.de\/site\/wp-content\/uploads\/2020\/03\/Logo_LfS.jpg 720w, https:\/\/fgvt.htwsaar.de\/site\/wp-content\/uploads\/2020\/03\/Logo_LfS-300x119.jpg 300w\" sizes=\"auto, (max-width: 500px) 100vw, 500px\" \/><\/a><a href=\"http:\/\/www.saarland.de\/ministerium_wirtschaft_arbeit_energie_verkehr.htm\"><\/a><\/td><td><a rel=\"noreferrer noopener\" href=\"https:\/\/www.uni-kl.de\/startseite\/\" target=\"_blank\"><\/a><\/td><td><a href=\"http:\/\/www.saarland.de\/ministerium_wirtschaft_arbeit_energie_verkehr.htm\"><img loading=\"lazy\" decoding=\"async\" width=\"500\" height=\"188\" class=\"wp-image-1458\" style=\"width: 500px;\" src=\"https:\/\/fgvt.htwsaar.de\/site\/wp-content\/uploads\/2020\/03\/saar.jpg\" alt=\"\" srcset=\"https:\/\/fgvt.htwsaar.de\/site\/wp-content\/uploads\/2020\/03\/saar.jpg 600w, https:\/\/fgvt.htwsaar.de\/site\/wp-content\/uploads\/2020\/03\/saar-300x113.jpg 300w\" sizes=\"auto, (max-width: 500px) 100vw, 500px\" \/><\/a><\/td><td><a href=\"https:\/\/www.uni-kl.de\/startseite\/\"><img loading=\"lazy\" decoding=\"async\" width=\"500\" height=\"150\" class=\"wp-image-1459\" style=\"width: 500px;\" src=\"https:\/\/fgvt.htwsaar.de\/site\/wp-content\/uploads\/2020\/03\/tukl.png\" alt=\"\" srcset=\"https:\/\/fgvt.htwsaar.de\/site\/wp-content\/uploads\/2020\/03\/tukl.png 2000w, https:\/\/fgvt.htwsaar.de\/site\/wp-content\/uploads\/2020\/03\/tukl-300x90.png 300w, https:\/\/fgvt.htwsaar.de\/site\/wp-content\/uploads\/2020\/03\/tukl-1024x307.png 1024w, https:\/\/fgvt.htwsaar.de\/site\/wp-content\/uploads\/2020\/03\/tukl-768x230.png 768w, https:\/\/fgvt.htwsaar.de\/site\/wp-content\/uploads\/2020\/03\/tukl-1536x461.png 1536w\" sizes=\"auto, (max-width: 500px) 100vw, 500px\" \/><\/a><\/td><td>&nbsp;<\/td><\/tr><\/tbody><\/table><\/figure>\n\n\n\n<h2 class=\"wp-block-heading\">Projektergebnisse<\/h2>\n\n\n\n<ul class=\"wp-block-list\"><li><a href=\"https:\/\/fgvt.htwsaar.de\/site\/wp-content\/uploads\/2020\/05\/kantSaar_D1v1.pdf\">D1: Architecture, Data Structure and Data Preparation <\/a><\/li><\/ul>\n\n\n\n<p>gef\u00f6rdert von:<\/p>\n\n\n\n<figure class=\"wp-block-image size-large is-resized\"><a href=\"..\/..\/wp-content\/uploads\/2015\/07\/Bundesministerium_f\u00fcr_Verkehr_und_digitale_Infrastruktur_Logo.png\"><img loading=\"lazy\" decoding=\"async\" src=\"https:\/\/fgvt.htwsaar.de\/site\/wp-content\/uploads\/2019\/08\/NoLimITS_Bundesministerium_f\u00fcr_Verkehr_und_digitale_Infrastruktur_Logo_de-1024x498.png\" alt=\"Logo BMVI\" class=\"wp-image-387\" width=\"263\" height=\"128\" srcset=\"https:\/\/fgvt.htwsaar.de\/site\/wp-content\/uploads\/2019\/08\/NoLimITS_Bundesministerium_f\u00fcr_Verkehr_und_digitale_Infrastruktur_Logo_de-1024x498.png 1024w, https:\/\/fgvt.htwsaar.de\/site\/wp-content\/uploads\/2019\/08\/NoLimITS_Bundesministerium_f\u00fcr_Verkehr_und_digitale_Infrastruktur_Logo_de-300x146.png 300w, https:\/\/fgvt.htwsaar.de\/site\/wp-content\/uploads\/2019\/08\/NoLimITS_Bundesministerium_f\u00fcr_Verkehr_und_digitale_Infrastruktur_Logo_de-768x373.png 768w, https:\/\/fgvt.htwsaar.de\/site\/wp-content\/uploads\/2019\/08\/NoLimITS_Bundesministerium_f\u00fcr_Verkehr_und_digitale_Infrastruktur_Logo_de.png 2000w\" sizes=\"auto, (max-width: 263px) 100vw, 263px\" \/><\/a><\/figure>\n","protected":false},"excerpt":{"rendered":"<p>Motivation Die Zukunft des Verkehrs liegt im vernetzt-kooperativen und (teil-)automatisierten Fahren. Eine der Grundannahmen bei der Erforschung und Entwicklung ist, dass f\u00fcr das (teil-)automatisierte Fahren Menschen, Verkehrsumfeld und Fahrzeuge mehr und mehr eine kooperative Einheit bilden. Dabei machen Assistenztechnologien das Autofahren sicherer und erg\u00e4nzen die nat\u00fcrlichen Sinne des Fahrers. Gleichzeitig [&hellip;]<\/p>\n","protected":false},"author":2,"featured_media":0,"parent":0,"menu_order":0,"comment_status":"closed","ping_status":"closed","template":"","meta":{"footnotes":""},"class_list":["post-192","page","type-page","status-publish","hentry"],"_links":{"self":[{"href":"https:\/\/fgvt.htwsaar.de\/site\/wp-json\/wp\/v2\/pages\/192","targetHints":{"allow":["GET"]}}],"collection":[{"href":"https:\/\/fgvt.htwsaar.de\/site\/wp-json\/wp\/v2\/pages"}],"about":[{"href":"https:\/\/fgvt.htwsaar.de\/site\/wp-json\/wp\/v2\/types\/page"}],"author":[{"embeddable":true,"href":"https:\/\/fgvt.htwsaar.de\/site\/wp-json\/wp\/v2\/users\/2"}],"replies":[{"embeddable":true,"href":"https:\/\/fgvt.htwsaar.de\/site\/wp-json\/wp\/v2\/comments?post=192"}],"version-history":[{"count":8,"href":"https:\/\/fgvt.htwsaar.de\/site\/wp-json\/wp\/v2\/pages\/192\/revisions"}],"predecessor-version":[{"id":1723,"href":"https:\/\/fgvt.htwsaar.de\/site\/wp-json\/wp\/v2\/pages\/192\/revisions\/1723"}],"wp:attachment":[{"href":"https:\/\/fgvt.htwsaar.de\/site\/wp-json\/wp\/v2\/media?parent=192"}],"curies":[{"name":"wp","href":"https:\/\/api.w.org\/{rel}","templated":true}]}}